{"id":358,"date":"2023-08-09T09:08:28","date_gmt":"2023-08-09T07:08:28","guid":{"rendered":"http:\/\/gbjobs.sunrise-web.com\/?page_id=358"},"modified":"2025-02-11T07:18:03","modified_gmt":"2025-02-11T06:18:03","slug":"adatvedelem","status":"publish","type":"page","link":"https:\/\/career.galtenberg.at\/hu\/adatvedelem\/","title":{"rendered":"Adatv\u00e9delem"},"content":{"rendered":"<div class=\"fusion-fullwidth fullwidth-box fusion-builder-row-1 fusion-flex-container nonhundred-percent-fullwidth non-hundred-percent-height-scrolling\" style=\"--awb-border-radius-top-left:0px;--awb-border-radius-top-right:0px;--awb-border-radius-bottom-right:0px;--awb-border-radius-bottom-left:0px;--awb-padding-right-small:15px;--awb-padding-left-small:15px;--awb-flex-wrap:wrap;\" ><div class=\"fusion-builder-row fusion-row fusion-flex-align-items-flex-start fusion-flex-content-wrap\" style=\"max-width:1185.6px;margin-left: calc(-4% \/ 2 );margin-right: calc(-4% \/ 2 );\"><div class=\"fusion-layout-column fusion_builder_column fusion-builder-column-0 fusion_builder_column_1_1 1_1 fusion-flex-column\" style=\"--awb-padding-right-small:15px;--awb-bg-size:cover;--awb-width-large:100%;--awb-margin-top-large:0px;--awb-spacing-right-large:1.92%;--awb-margin-bottom-large:0px;--awb-spacing-left-large:1.92%;--awb-width-medium:100%;--awb-order-medium:0;--awb-spacing-right-medium:1.92%;--awb-spacing-left-medium:1.92%;--awb-width-small:100%;--awb-order-small:0;--awb-spacing-right-small:1.92%;--awb-spacing-left-small:1.92%;\"><div class=\"fusion-column-wrapper fusion-column-has-shadow fusion-flex-justify-content-flex-start fusion-content-layout-column\"><div class=\"fusion-title title fusion-title-1 fusion-sep-none fusion-title-text fusion-title-size-one\" style=\"--awb-margin-bottom:8px;--awb-margin-top-small:10px;--awb-margin-right-small:0px;--awb-margin-bottom-small:10px;--awb-margin-left-small:0px;\"><h1 class=\"fusion-title-heading title-heading-left fusion-responsive-typography-calculated\" style=\"margin:0;--fontSize:35;line-height:1.5;\">Adatv\u00e9delmi nyilatkozat<\/h1><\/div><div class=\"fusion-text fusion-text-1 hyphen\" style=\"--awb-text-transform:none;\"><p><strong style=\"font-size: 20px; color: #957840; letter-spacing: 2px; font-weight: bold;\">1. R\u00f6viden az adatv\u00e9delemr\u0151l<\/strong><\/p>\n<p><strong>\u00c1ltal\u00e1nos tudnival\u00f3k<\/strong><\/p>\n<p>Az al\u00e1bbi tudnival\u00f3k gyors \u00e1ttekint\u00e9st adnak arra vonatkoz\u00f3an, hogy mi t\u00f6rt\u00e9nik a szem\u00e9lyes adataival, ha felkeresi a weboldalunkat. Szem\u00e9lyes adatnak min\u0151s\u00fcl minden olyan adat, amely alkalmas az \u00d6n szem\u00e9lyes azonos\u00edt\u00e1s\u00e1ra. Az adatv\u00e9delemmel kapcsolatban a jelen sz\u00f6veg alatt id\u00e9zett adatv\u00e9delmi nyilatkozatban tal\u00e1l b\u0151vebb inform\u00e1ci\u00f3t.<\/p>\n<p><strong>Adatgy\u0171jt\u00e9s a weboldalunkon<\/strong><\/p>\n<p><strong>Ki felel a honlapon v\u00e9gzett adatgy\u0171jt\u00e9s\u00e9rt?<\/strong><\/p>\n<p>Az adatok weboldalon t\u00f6rt\u00e9n\u0151 kezel\u00e9s\u00e9t a webhely \u00fczemeltet\u0151je v\u00e9gzi, akinek az el\u00e9rhet\u0151s\u00e9gi adatait a weboldal impresszuma tartalmazza.<\/p>\n<p><strong>Hogyan gy\u0171jtj\u00fck az \u00d6n adatait?<\/strong><\/p>\n<p>Az adatgy\u0171jt\u00e9s egyik m\u00f3dja az, hogy \u00d6n az adatokat a rendelkez\u00e9s\u00fcnkre bocs\u00e1tja. Ezek pl. olyan adatok, amelyeket \u00d6n egy kapcsolatfelv\u00e9teli \u0171rlapon ad meg.<\/p>\n<p>M\u00e1s adatokat az informatikai rendszereink automatikusan gy\u0171jtenek a weboldalunk felkeres\u00e9sekor. Ezek f\u0151leg technikai jelleg\u0171 adatok (pl. internetes b\u00f6ng\u00e9sz\u0151, oper\u00e1ci\u00f3s rendszer, oldalmegtekint\u00e9s id\u0151pontja). Az ilyen adatoknak a r\u00f6gz\u00edt\u00e9se automatikusan t\u00f6rt\u00e9nik, amikor \u00d6n felkeresi a weboldalunkat.<\/p>\n<p><strong>Milyen c\u00e9lra haszn\u00e1ljuk fel az \u00d6n adatait?<\/strong><\/p>\n<p>Az adatok egy r\u00e9sz\u00e9t az\u00e9rt gy\u0171jtj\u00fck, hogy biztos\u00edtsuk a weboldal hib\u00e1tlan m\u0171k\u00f6d\u00e9s\u00e9t. M\u00e1s adatokat a felhaszn\u00e1l\u00f3i viselked\u00e9s elemz\u00e9s\u00e9re haszn\u00e1lunk fel.<\/p>\n<p><strong>Milyen jogai vannak az adataira vonatkoz\u00f3an?<\/strong><\/p>\n<p>Jog\u00e1ban \u00e1ll b\u00e1rmikor ingyenes t\u00e1j\u00e9koztat\u00e1st k\u00e9rni az \u00d6nr\u0151l t\u00e1rolt szem\u00e9lyes adatok eredet\u00e9r\u0151l, c\u00edmzettjeir\u0151l \u00e9s c\u00e9lj\u00e1r\u00f3l. Jog\u00e1ban \u00e1ll tov\u00e1bb\u00e1 az adatok helyesb\u00edt\u00e9s\u00e9t, z\u00e1rol\u00e1s\u00e1t vagy t\u00f6rl\u00e9s\u00e9t k\u00e9rni. Ezzel, valamint az adatv\u00e9delemmel kapcsolatos tov\u00e1bbi k\u00e9rd\u00e9sek eset\u00e9n b\u00e1rmikor felveheti vel\u00fcnk a kapcsolatot az impresszumban megadott c\u00edmen. Ezenk\u00edv\u00fcl panaszt\u00e9teli jog is megilleti, amellyel az illet\u00e9kes fel\u00fcgyeleti hat\u00f3s\u00e1gn\u00e1l \u00e9lhet.<\/p>\n<p><strong>Elemz\u00e9si eszk\u00f6z\u00f6k \u00e9s harmadik szolg\u00e1ltat\u00f3k eszk\u00f6zei<\/strong><\/p>\n<p>Ha felkeresi a weboldalunkat, statisztikai elemz\u00e9st v\u00e9gezhet\u00fcnk a b\u00f6ng\u00e9sz\u00e9si viselked\u00e9s\u00e9vel kapcsolatban. Ez mindenekel\u0151tt cookie-k \u00e9s \u00fagynevezett elemz\u0151programok seg\u00edts\u00e9g\u00e9vel t\u00f6rt\u00e9nik. Az \u00d6n b\u00f6ng\u00e9sz\u00e9si viselked\u00e9s\u00e9nek elemz\u00e9se \u00e1ltal\u00e1ban n\u00e9v n\u00e9lk\u00fcl t\u00f6rt\u00e9nik, azaz a b\u00f6ng\u00e9sz\u00e9si szok\u00e1sai nem k\u00f6vethet\u0151k nyomon. \u00d6n b\u00e1rmikor tiltakozhat az elemz\u00e9s ellen, de bizonyos eszk\u00f6z\u00f6k haszn\u00e1lat\u00e1nak mell\u0151z\u00e9s\u00e9vel is megakad\u00e1lyozhatja az elemz\u00e9st. Ezzel kapcsolatban az al\u00e1bbi adatv\u00e9delmi nyilatkozatban tal\u00e1l b\u0151vebb inform\u00e1ci\u00f3t.<\/p>\n<p>\u00d6n b\u00e1rmikor tiltakozhat az elemz\u00e9s ellen. A tiltakoz\u00e1si lehet\u0151s\u00e9gekr\u0151l a jelen adatv\u00e9delmi nyilatkozatban t\u00e1j\u00e9koztatjuk \u00d6nt.<\/p>\n<p><strong style=\"font-size: 20px; color: #957840; letter-spacing: 2px; font-weight: bold;\">2. \u00c1ltal\u00e1nos tudnival\u00f3k \u00e9s k\u00f6telez\u0151 inform\u00e1ci\u00f3k<\/strong><\/p>\n<p><strong>Adatv\u00e9delem<\/strong><\/p>\n<p>Ezen oldalak \u00fczemeltet\u0151i komolyan veszik az \u00d6n szem\u00e9lyes adatainak v\u00e9delm\u00e9t. A szem\u00e9lyes adatait bizalmasan \u00e9s a jogszab\u00e1lyban meghat\u00e1rozott adatv\u00e9delmi el\u0151\u00edr\u00e1soknak \u00e9s jelen adatv\u00e9delmi nyilatkozatnak megfelel\u0151en kezelj\u00fck.<\/p>\n<p>Ha \u00d6n ezt a weboldalt haszn\u00e1lja, akkor k\u00fcl\u00f6nf\u00e9le szem\u00e9lyes adatokat gy\u0171jt\u00fcnk \u00d6nr\u0151l. Szem\u00e9lyes adatnak min\u0151s\u00fcl minden olyan adat, amely alkalmas az \u00d6n szem\u00e9lyes azonos\u00edt\u00e1s\u00e1ra. A jelen adatv\u00e9delmi nyilatkozat bemutatja, hogy milyen adatokat gy\u0171jt\u00fcnk, \u00e9s ezeket mire haszn\u00e1ljuk fel. Arra is kit\u00e9r\u00fcnk, hogy ezt hogyan \u00e9s milyen c\u00e9lb\u00f3l v\u00e9gezz\u00fck.<\/p>\n<p>Felh\u00edvjuk figyelm\u00e9t, hogy az interneten (p\u00e9ld\u00e1ul e-mailes kommunik\u00e1ci\u00f3ban) t\u00f6rt\u00e9n\u0151 adat\u00e1tvitel biztons\u00e1gi r\u00e9seket rejthet mag\u00e1ban. Az adatok nem v\u00e9dhet\u0151k meg teljes biztons\u00e1ggal a harmadik felek \u00e1ltali hozz\u00e1f\u00e9r\u00e9ssel szemben.<\/p>\n<p><strong>Az adatkezel\u00e9s\u00e9rt felel\u0151s f\u00e9llel kapcsolatos inform\u00e1ci\u00f3k<\/strong><\/p>\n<p>A jelen webhelyen v\u00e9gzett adatkezel\u00e9s\u00e9rt felel\u0151s f\u00e9l:<\/p>\n<p>Ciacos GmbH<br \/>\n4*S Galtenberg Family &amp; Wellness Resort<br \/>\nAlpbach 40<br \/>\n6236 Alpbach<\/p>\n<p>Tel.: <a href=\"tel:+4353365610\">+43(5336)5610<\/a><br \/>\nE-mail: <a href=\"mailto:info@galtenberg.com\">info@galtenberg.com<\/a><\/p>\n<p>Adatkezel\u00e9s\u00e9rt felel\u0151s f\u00e9lnek min\u0151s\u00fcl b\u00e1rmilyen olyan term\u00e9szetes vagy jogi szem\u00e9ly, aki egyed\u00fcl vagy m\u00e1sokkal k\u00f6z\u00f6sen d\u00f6nt a szem\u00e9lyes adatok (pl. nevek, e-mail-c\u00edmek stb.) kezel\u00e9s\u00e9nek c\u00e9lj\u00e1r\u00f3l \u00e9s eszk\u00f6zeir\u0151l.<\/p>\n<p><strong>Az adatkezel\u00e9si hozz\u00e1j\u00e1rul\u00e1s visszavon\u00e1sa<\/strong><\/p>\n<p>Sok adatkezel\u00e9si m\u0171veletre csak az \u00d6n kifejezett hozz\u00e1j\u00e1rul\u00e1sa ut\u00e1n van lehet\u0151s\u00e9g. A kor\u00e1bban adott hozz\u00e1j\u00e1rul\u00e1s b\u00e1rmikor visszavonhat\u00f3. Ennek t\u00e9ny\u00e9t egy formailag k\u00f6tetlen e-mailben is elegend\u0151 k\u00f6z\u00f6lnie vel\u00fcnk. A visszavon\u00e1s nem \u00e9rinti a visszavon\u00e1s el\u0151tti adatkezel\u00e9s jogszer\u0171s\u00e9g\u00e9t.<\/p>\n<p><strong>Panaszt\u00e9teli jog az illet\u00e9kes fel\u00fcgyeleti hat\u00f3s\u00e1gn\u00e1l<\/strong><\/p>\n<p>Az adatv\u00e9delmi el\u0151\u00edr\u00e1sok megszeg\u00e9se eset\u00e9n az \u00e9rintett szem\u00e9lyeket panaszt\u00e9teli jog illeti meg az illet\u00e9kes fel\u00fcgyeleti hat\u00f3s\u00e1gn\u00e1l. Adatv\u00e9delmi k\u00e9rd\u00e9sekben a v\u00e1llalatunk sz\u00e9khely\u00e9\u00fcl szolg\u00e1l\u00f3 sz\u00f6vets\u00e9gi tartom\u00e1ny adatv\u00e9delmi tisztvisel\u0151je min\u0151s\u00fcl illet\u00e9kes fel\u00fcgyeleti hat\u00f3s\u00e1gnak. Az adatv\u00e9delmi tisztvisel\u0151k list\u00e1j\u00e1t \u00e9s az el\u00e9rhet\u0151s\u00e9gi adataikat az al\u00e1bbi linkr\u0151l lehet let\u00f6lteni: <a style=\"font-weight: 400;\" href=\"https:\/\/www.bfdi.bund.de\/DE\/Infothek\/Anschriften_Links\/anschriften_links-node.html\" target=\"_blank\" rel=\"noopener\">https:\/\/www.bfdi.bund.de\/DE\/Infothek\/Anschriften_Links\/anschriften_links-node.html<\/a>.<\/p>\n<p><strong>Adathordozhat\u00f3s\u00e1ghoz val\u00f3 jog<\/strong><\/p>\n<p>\u00d6n ig\u00e9nyt tarthat arra, hogy az \u00d6n hozz\u00e1j\u00e1rul\u00e1sa alapj\u00e1n vagy egy szerz\u0151d\u00e9s teljes\u00edt\u00e9se \u00e9rdek\u00e9ben automatikusan gy\u0171jt\u00f6tt adatokat elterjedt, g\u00e9ppel olvashat\u00f3 form\u00e1ban rendelkez\u00e9s\u00e9re bocs\u00e1ssuk vagy egy harmadik f\u00e9lnek tov\u00e1bb\u00edtsuk. Az adatok harmadik f\u00e9lnek t\u00f6rt\u00e9n\u0151 tov\u00e1bb\u00edt\u00e1s\u00e1ra csak akkor ker\u00fcl sor, ha ennek nincsen technikai akad\u00e1lya.<\/p>\n<p><strong>SSL-, ill. TLS-titkos\u00edt\u00e1s<\/strong><\/p>\n<p>Ez az oldal biztons\u00e1gi okokb\u00f3l \u00e9s a webhely-\u00fczemeltet\u0151k\u00e9nt rendelkez\u00e9s\u00fcnkre bocs\u00e1tott bizalmas tartalmak (pl. rendel\u00e9sek vagy megkeres\u00e9sek) tov\u00e1bb\u00edt\u00e1s\u00e1nak v\u00e9delme miatt SSL-, ill. TLS-titkos\u00edt\u00e1st haszn\u00e1l. A titkos\u00edtott kapcsolatot onnan lehet felismerni, hogy a b\u00f6ng\u00e9sz\u0151 c\u00edmsora \u201ehttp:\/\/\u201d feliratr\u00f3l \u201ehttps:\/\/\u201d feliratra v\u00e1lt, valamint a weboldal c\u00edme mellett megjelenik egy lakat szimb\u00f3lum.<\/p>\n<p>Az SSL-, ill. TLS-titkos\u00edt\u00e1s aktiv\u00e1lt \u00e1llapot\u00e1ban az \u00d6n \u00e1ltal nek\u00fcnk elk\u00fcld\u00f6tt adatokat harmadik f\u00e9l nem tudja elolvasni.<\/p>\n<p><strong>T\u00e1j\u00e9koztat\u00e1s, z\u00e1rol\u00e1s, t\u00f6rl\u00e9s<\/strong><\/p>\n<p>Az \u00e9rv\u00e9nyes t\u00f6rv\u00e9nyes el\u0151\u00edr\u00e1sok keret\u00e9ben \u00d6nnek b\u00e1rmikor joga van d\u00edjmentes felvil\u00e1gos\u00edt\u00e1st k\u00e9rni a t\u00e1rolt szem\u00e9lyes adatair\u00f3l, azok sz\u00e1rmaz\u00e1s\u00e1r\u00f3l \u00e9s c\u00edmzettj\u00e9r\u0151l, az adatkezel\u00e9s c\u00e9lj\u00e1r\u00f3l, valamint jogosult az adatok helyesb\u00edt\u00e9s\u00e9re, letilt\u00e1s\u00e1ra vagy t\u00f6rl\u00e9s\u00e9re. Ezzel, valamint a szem\u00e9lyes adatok t\u00e9m\u00e1j\u00e1val kapcsolatos tov\u00e1bbi k\u00e9rd\u00e9seket \u00e9rint\u0151en b\u00e1rmikor felveheti vel\u00fcnk a kapcsolatot az impresszumban megadott c\u00edmen.<\/p>\n<p><strong>Rekl\u00e1mc\u00e9l\u00fa e-mailek elleni tiltakoz\u00e1s<\/strong><\/p>\n<p>Az impresszumk\u00f6telezetts\u00e9g keret\u00e9ben nyilv\u00e1noss\u00e1gra hozott el\u00e9rhet\u0151s\u00e9gi adatok felhaszn\u00e1l\u00e1sa nem kifejezetten k\u00e9rt rekl\u00e1mok \u00e9s t\u00e1j\u00e9koztat\u00f3 anyagok k\u00fcld\u00e9s\u00e9re nyomat\u00e9kosan tilos. Az oldalak \u00fczemeltet\u0151i fenntartj\u00e1k maguknak a jogot, hogy rekl\u00e1minform\u00e1ci\u00f3k (ak\u00e1r spam e-mailek form\u00e1j\u00e1ban val\u00f3) k\u00e9retlen k\u00fcld\u00e9se eset\u00e9n megfelel\u0151 jogi l\u00e9p\u00e9seket tesznek.<\/p>\n<p><strong style=\"font-size: 20px; color: #957840; letter-spacing: 2px; font-weight: bold;\">3. Adatv\u00e9delmi koordin\u00e1tor<\/strong><\/p>\n<p><strong>A jogszab\u00e1lyban el\u0151\u00edrt adatv\u00e9delmi koordin\u00e1tor<\/strong><\/p>\n<p>A v\u00e1llalatunkn\u00e1l kijel\u00f6lt adatv\u00e9delmi koordin\u00e1tor neve \u00e9s el\u00e9rhet\u0151s\u00e9ge:<\/p>\n<p>Anna Zl\u00f6bl<br \/>\nAlpbach 40<br \/>\n6236 Alpbach<\/p>\n<p>Telefon: <a href=\"tel:+4353365610\">+43(5336)5610<\/a><br \/>\nE-mail: <a href=\"mailto:info@galtenberg.com\">info@galtenberg.com<\/a><\/p>\n<p><strong style=\"font-size: 20px; color: #957840; letter-spacing: 2px; font-weight: bold;\">4. Adatgy\u0171jt\u00e9s a weboldalunkon<\/strong><\/p>\n<p><strong>Cookie-k<\/strong><\/p>\n<p>A weblapok r\u00e9szben \u00fagynevezett cookie-kat haszn\u00e1lnak. A cookie-k nem tesznek k\u00e1rt sz\u00e1m\u00edt\u00f3g\u00e9p\u00e9ben, \u00e9s nem tartalmaznak v\u00edrusokat. A cookie-k arra szolg\u00e1lnak, hogy k\u00edn\u00e1latunkat felhaszn\u00e1l\u00f3bar\u00e1tabb\u00e1, hat\u00e9konyabb\u00e1 \u00e9s biztons\u00e1gosabb\u00e1 tegy\u00fck. A cookie-k olyan kis sz\u00f6vegf\u00e1jlok, amelyek sz\u00e1m\u00edt\u00f3g\u00e9p\u00e9re ker\u00fclnek, \u00e9s amelyeket a b\u00f6ng\u00e9sz\u0151je t\u00e1rol.<\/p>\n<p>A legt\u00f6bb \u00e1ltalunk haszn\u00e1lt cookie \u00fan. \u201eideiglenes cookie\u201d (session\/munkamenet cookie-k), amelyek az oldal l\u00e1togat\u00e1sa ut\u00e1n automatikusan t\u00f6rl\u0151dnek. A t\u00f6bbi cookie addig marad az eszk\u00f6z\u00e9n, ameddig \u00d6n azokat nem t\u00f6rli manu\u00e1lisan. A cookie-k lehet\u0151v\u00e9 teszik, hogy a k\u00f6vetkez\u0151 l\u00e1togat\u00e1sakor felismerj\u00fck a b\u00f6ng\u00e9sz\u0151j\u00e9t.<\/p>\n<p>A b\u00f6ng\u00e9sz\u0151j\u00e9t be\u00e1ll\u00edthatja \u00fagy, hogy t\u00e1j\u00e9koztat\u00e1st kapjon a cookie-k elhelyez\u00e9s\u00e9r\u0151l, tov\u00e1bb\u00e1 minden egyes esetben hozz\u00e1j\u00e1rulhat a cookie-k haszn\u00e1lat\u00e1hoz, \u00e1ltal\u00e1nosan letilthatja a cookie-k fogad\u00e1s\u00e1t bizonyos esetekre vagy aktiv\u00e1lhatja a cookie-k automatikus t\u00f6rl\u00e9s\u00e9t a b\u00f6ng\u00e9sz\u0151 bez\u00e1r\u00e1sakor. Ha nem enged\u00e9lyezi a cookie-k haszn\u00e1lat\u00e1t, akkor az korl\u00e1tozhatja weboldalunk haszn\u00e1lhat\u00f3s\u00e1g\u00e1t.<\/p>\n<p>Az elektronikus kommunik\u00e1ci\u00f3 lebonyol\u00edt\u00e1s\u00e1hoz \u00e9s az \u00d6n \u00e1ltal ig\u00e9nyelt bizonyos funkci\u00f3k (pl. kos\u00e1rfunkci\u00f3) biztos\u00edt\u00e1s\u00e1hoz sz\u00fcks\u00e9ges cookie-k t\u00e1rol\u00e1sa a GDPR 6. cikk\u00e9nek 1. bekezd\u00e9s\u00e9nek (f) pontja szerint t\u00f6rt\u00e9nik. A cookie-k t\u00e1rol\u00e1sa a webhely \u00fczemeltet\u0151j\u00e9nek jogos \u00e9rdeke szolg\u00e1ltat\u00e1sainak m\u0171szakilag hib\u00e1tlan \u00e9s optim\u00e1lis rendelkez\u00e9sre bocs\u00e1t\u00e1sa \u00e9rdek\u00e9ben. Amennyiben m\u00e1s cookie-kat is lement\u00fcnk (pl. az \u00d6n b\u00f6ng\u00e9sz\u00e9si viselked\u00e9s\u00e9nek felt\u00e9rk\u00e9pez\u00e9s\u00e9re szolg\u00e1l\u00f3 cookie-k), akkor ezeket ebben az adatv\u00e9delmi nyilatkozatban k\u00fcl\u00f6n kezelj\u00fck.<\/p>\n<p><strong>Szerver napl\u00f3f\u00e1jlok<\/strong><\/p>\n<p>Az oldalak \u00fczemeltet\u0151je \u00fagynevezett szerver napl\u00f3f\u00e1jlokban gy\u0171jti \u00e9s t\u00e1rolja az inform\u00e1ci\u00f3kat, melyeket az \u00d6n b\u00f6ng\u00e9sz\u0151je automatikusan tov\u00e1bb\u00edt nek\u00fcnk. Ezek a k\u00f6vetkez\u0151k:<\/p>\n<ul>\n<li>b\u00f6ng\u00e9sz\u0151 t\u00edpusa \u00e9s verzi\u00f3ja<\/li>\n<li>haszn\u00e1lt oper\u00e1ci\u00f3s rendszer<\/li>\n<li>referrer URL (el\u0151z\u0151leg megtekintett oldal)<\/li>\n<li>hozz\u00e1f\u00e9r\u0151 sz\u00e1m\u00edt\u00f3g\u00e9p hostneve<\/li>\n<li>a szerverr\u0151l \u00e9rkez\u0151 k\u00e9r\u00e9s id\u0151pontja<\/li>\n<li>IP-c\u00edm<\/li>\n<\/ul>\n<p>Ezek az adatok nem ker\u00fclnek \u00f6sszevon\u00e1sra m\u00e1s adatforr\u00e1sokkal.<\/p>\n<p>Az adatkezel\u00e9s alapj\u00e1t a GDPR 6. cikk\u00e9nek 1. bekezd\u00e9s\u00e9nek (f) pontja k\u00e9pezi, amely egy szerz\u0151d\u00e9s vagy egy szerz\u0151d\u00e9s el\u0151tti feladatok teljes\u00edt\u00e9se \u00e9rdek\u00e9ben enged\u00e9lyezi az adatkezel\u00e9st.<\/p>\n<p><strong>Kapcsolatfelv\u00e9teli \u0171rlap<\/strong><\/p>\n<p>Amennyiben kapcsolatfelv\u00e9teli \u0171rlapon k\u00e9rd\u00e9seket int\u00e9z hozz\u00e1nk, az ig\u00e9nyl\u0151lapon megadott adatokat, ide\u00e9rtve az \u00d6n \u00e1ltal megadott el\u00e9rhet\u0151s\u00e9geket is, a k\u00e9r\u00e9s feldolgoz\u00e1sa c\u00e9lj\u00e1b\u00f3l \u00e9s tov\u00e1bbi k\u00e9rd\u00e9sek eset\u00e9re elmentj\u00fck. Ezeket az adatokat az \u00d6n hozz\u00e1j\u00e1rul\u00e1sa n\u00e9lk\u00fcl nem adjuk tov\u00e1bb.<\/p>\n<p>A kapcsolatfelv\u00e9teli \u0171rlapba felvitt adatok kezel\u00e9se \u00edgy kiz\u00e1r\u00f3lag az \u00d6n hozz\u00e1j\u00e1rul\u00e1sa (GDPR 6. cikk 1. bekezd\u00e9s (a) pontja) alapj\u00e1n t\u00f6rt\u00e9nik. \u00d6n b\u00e1rmikor visszavonhatja ezt a hozz\u00e1j\u00e1rul\u00e1st. Ennek t\u00e9ny\u00e9t egy formailag k\u00f6tetlen e-mailben is elegend\u0151 k\u00f6z\u00f6lnie vel\u00fcnk. A visszavon\u00e1s nem \u00e9rinti a visszavon\u00e1s el\u0151tti adatkezel\u00e9s jogszer\u0171s\u00e9g\u00e9t.<\/p>\n<p>Az \u00d6n \u00e1ltal a kapcsolatfelv\u00e9teli \u0171rlapon megadott adatok addig maradnak n\u00e1lunk, am\u00edg fel nem sz\u00f3l\u00edt minket ezek t\u00f6rl\u00e9s\u00e9re, a t\u00e1rol\u00e1si hozz\u00e1j\u00e1rul\u00e1s\u00e1t vissza nem vonja, vagy az adatt\u00e1rol\u00e1s c\u00e9lja meg nem sz\u0171nik (pl. a k\u00e9r\u00e9s feldolgoz\u00e1s\u00e1nak befejezt\u00e9vel). A k\u00e9nyszer\u00edt\u0151 t\u00f6rv\u00e9nyes rendelkez\u00e9sek \u2013 k\u00fcl\u00f6n\u00f6sen a meg\u0151rz\u00e9si hat\u00e1rid\u0151k \u2013 v\u00e1ltozatlanok maradnak.<\/p>\n<p><strong style=\"font-size: 20px; color: #957840; letter-spacing: 2px; font-weight: bold;\">5. Elemz\u0151 eszk\u00f6z\u00f6k \u00e9s rekl\u00e1moz\u00e1s<\/strong><\/p>\n<p><strong>Google Analytics<\/strong><\/p>\n<p>A webhely\u00fcnk a Google Analytics webelemz\u0151 szolg\u00e1ltat\u00e1s funkci\u00f3it haszn\u00e1lja. Ennek szolg\u00e1ltat\u00f3ja a Google Inc., 1600 Amphitheatre Parkway, Mountain View, CA 94043, USA.<\/p>\n<p>A Google Analytics \u00fagynevezett \u201ecookie-kat\u201d haszn\u00e1l. A cookie-k olyan kis sz\u00f6vegf\u00e1jlok, amelyek sz\u00e1m\u00edt\u00f3g\u00e9p\u00e9n t\u00e1rol\u00f3dnak, \u00e9s lehet\u0151v\u00e9 teszik a weboldal haszn\u00e1lat\u00e1nak elemz\u00e9s\u00e9t. A cookie-k r\u00e9v\u00e9n a haszn\u00e1lattal kapcsolatban l\u00e9trehozott inform\u00e1ci\u00f3k rendszerint az USA-ban tal\u00e1lhat\u00f3 egyik Google-szerverre tov\u00e1bb\u00edt\u00f3dnak, \u00e9s ott t\u00e1rol\u00f3dnak.<\/p>\n<p>A Google Analytics cookie-jainak t\u00e1rol\u00e1sa a GDPR 6. cikk 1. bekezd\u00e9s\u00e9nek (f) pontja alapj\u00e1n t\u00f6rt\u00e9nik. A felhaszn\u00e1l\u00f3i viselked\u00e9s elemz\u00e9se a webhely \u00fczemeltet\u0151j\u00e9nek jogos \u00e9rdeke a webes k\u00edn\u00e1latuk \u00e9s rekl\u00e1mtev\u00e9kenys\u00e9g\u00fck optimaliz\u00e1l\u00e1sa \u00e9rdek\u00e9ben.<\/p>\n<p><strong>IP-anonimiz\u00e1l\u00e1s<\/strong><\/p>\n<p>Ezen a weboldalon aktiv\u00e1ltuk az IP-anonimiz\u00e1l\u00e1si funkci\u00f3t. Ez\u00e1ltal a Google az Eur\u00f3pai Uni\u00f3 tag\u00e1llamain bel\u00fcl vagy az Eur\u00f3pai Gazdas\u00e1gi T\u00e9rs\u00e9gr\u0151l sz\u00f3l\u00f3 meg\u00e1llapod\u00e1st al\u00e1\u00edr\u00f3 m\u00e1s orsz\u00e1gban ler\u00f6vid\u00edti az \u00d6n IP-c\u00edm\u00e9t az USA-ba val\u00f3 tov\u00e1bb\u00edt\u00e1s el\u0151tt. A teljes IP-c\u00edm csak kiv\u00e9teles esetekben tov\u00e1bb\u00edt\u00f3dik az USA-ban tal\u00e1lhat\u00f3 egyik Google-szerverre, ahol azt a Google ler\u00f6vid\u00edti. A Google ezeket az inform\u00e1ci\u00f3kat a webhely \u00fczemeltet\u0151j\u00e9nek megb\u00edz\u00e1s\u00e1b\u00f3l arra haszn\u00e1lja fel, hogy kielemezze a webhely \u00d6n \u00e1ltal t\u00f6rt\u00e9n\u0151 haszn\u00e1lat\u00e1t, jelent\u00e9st k\u00e9sz\u00edtsen a webhelyen t\u00f6rt\u00e9n\u0151 aktivit\u00e1sr\u00f3l \u00e9s tov\u00e1bbi, a webhely- \u00e9s az internethaszn\u00e1lattal kapcsolatos szolg\u00e1ltat\u00e1sokat ny\u00fajtson a webhely \u00fczemeltet\u0151je r\u00e9sz\u00e9re. A Google Analytics keret\u00e9ben a b\u00f6ng\u00e9sz\u0151 \u00e1ltal tov\u00e1bb\u00edtott IP-c\u00edmet a Google nem kapcsolja \u00f6ssze m\u00e1s adatokkal.<\/p>\n<p><strong>B\u00f6ng\u00e9sz\u0151be be\u00e9p\u00fcl\u0151 modul<\/strong><\/p>\n<p>A b\u00f6ng\u00e9sz\u0151szoftver megfelel\u0151 be\u00e1ll\u00edt\u00e1s\u00e1val megakad\u00e1lyozhatja a cookie-k t\u00e1rol\u00e1s\u00e1t, azonban felh\u00edvjuk a figyelm\u00e9t arra, hogy ebben az esetben nem fogja tudni haszn\u00e1lni a webhely\u00fcnk \u00f6sszes funkci\u00f3j\u00e1t. Ezenk\u00edv\u00fcl \u00fagy is megakad\u00e1lyozhatja a cookie-k seg\u00edts\u00e9g\u00e9vel szerzett \u00e9s a weboldal haszn\u00e1lat\u00e1ra vonatkoz\u00f3 adatok (ide\u00e9rtve az \u00d6n IP-c\u00edm\u00e9t is) Google-hoz t\u00f6rt\u00e9n\u0151 tov\u00e1bb\u00edt\u00e1s\u00e1t, valamint ezen adatok Google \u00e1ltal t\u00f6rt\u00e9n\u0151 kezel\u00e9s\u00e9t, hogy let\u00f6lti \u00e9s a sz\u00e1m\u00edt\u00f3g\u00e9p\u00e9re telep\u00edti az al\u00e1bbi linken tal\u00e1lhat\u00f3 b\u00f6ng\u00e9sz\u0151be be\u00e9p\u00fcl\u0151 modult: <a style=\"font-weight: 400;\" href=\"https:\/\/tools.google.com\/dlpage\/gaoptout?hl=de\" target=\"_blank\" rel=\"noopener\">https:\/\/tools.google.com\/dlpage\/gaoptout?hl=de<\/a>.<\/p>\n<p><strong>Adatgy\u0171jt\u00e9s elleni tiltakoz\u00e1s<\/strong><\/p>\n<p>\u00d6n az al\u00e1bbi linkre val\u00f3 kattint\u00e1ssal megakad\u00e1lyozhatja a Google Analytics \u00e1ltal t\u00f6rt\u00e9n\u0151 adatgy\u0171jt\u00e9st. Ebben az esetben egy \u201eopt-out cookie\u201d ker\u00fcl a sz\u00e1m\u00edt\u00f3g\u00e9p\u00e9re, amely megakad\u00e1lyozza a j\u00f6v\u0151beli l\u00e1togat\u00e1si inform\u00e1ci\u00f3k gy\u0171jt\u00e9s\u00e9t: A Google Analytics deaktiv\u00e1l\u00e1sa.<\/p>\n<p>Tov\u00e1bbi inform\u00e1ci\u00f3kat a Google Analytics felhaszn\u00e1l\u00f3i adatkezel\u00e9s\u00e9re vonatkoz\u00f3an a Google adatv\u00e9delmi nyilatkozat\u00e1ban tal\u00e1l: <a style=\"font-weight: 400;\" href=\"https:\/\/support.google.com\/analytics\/answer\/6004245?hl=de\" target=\"_blank\" rel=\"noopener\">https:\/\/support.google.com\/analytics\/answer\/6004245?hl=de<\/a>.<\/p>\n<p><strong>Megb\u00edz\u00e1ssal kapcsolatos adatok kezel\u00e9se<\/strong><\/p>\n<p>A megb\u00edz\u00e1ssal kapcsolatos adatok kezel\u00e9s\u00e9re vonatkoz\u00f3an szerz\u0151d\u00e9st k\u00f6t\u00f6tt\u00fcnk a Google v\u00e1llalattal, \u00e9s a Google Analytics haszn\u00e1latakor teljes m\u00e9rt\u00e9kben eleget tesz\u00fcnk a n\u00e9met adatv\u00e9delmi hat\u00f3s\u00e1gok szigor\u00fa el\u0151\u00edr\u00e1sainak.<\/p>\n<p><strong>Google Analytics Remarketing<\/strong><\/p>\n<p>Weboldalaink a Google Analytics Remarketing funkci\u00f3it haszn\u00e1lj\u00e1k a Google AdWords \u00e9s a Google DoubleClick t\u00f6bbeszk\u00f6z\u00f6s funkci\u00f3ival egy\u00fctt. Ezek szolg\u00e1ltat\u00f3ja a Google Inc., 1600 Amphitheatre Parkway, Mountain View, CA 94043, USA.<\/p>\n<p>Ez a funkci\u00f3 lehet\u0151v\u00e9 teszi a Google Analytics Remarketing szolg\u00e1ltat\u00e1ssal l\u00e9trehozott hirdet\u00e9si c\u00e9lcsoportok \u00f6sszekapcsol\u00e1s\u00e1t a Google-AdWords \u00e9s a Google-DoubleClick t\u00f6bbeszk\u00f6z\u00f6s funkci\u00f3ival. Ez\u00e1ltal az \u00e9rdekl\u0151d\u00e9s\u00e9nek megfelel\u0151, szem\u00e9lyre szabott hirdet\u00e9si \u00fczenetek, amelyek az \u00d6n kor\u00e1bbi felhaszn\u00e1l\u00e1si \u00e9s b\u00f6ng\u00e9sz\u00e9si viselked\u00e9se alapj\u00e1n jelentek meg egy adott eszk\u00f6z\u00f6n (p\u00e9ld\u00e1ul mobiltelefonon), m\u00e1s eszk\u00f6zein (p\u00e9ld\u00e1ul t\u00e1blag\u00e9pen vagy asztali sz\u00e1m\u00edt\u00f3g\u00e9pen) is megjelen\u00edthet\u0151k.<\/p>\n<p>Miut\u00e1n megfelel\u0151 hozz\u00e1j\u00e1rul\u00e1st adott, a Google ebb\u0151l a c\u00e9lb\u00f3l \u00f6sszekapcsolja a webes \u00e9s az alkalmaz\u00e1sbeli b\u00f6ng\u00e9sz\u00e9si el\u0151zm\u00e9nyeit az \u00d6n Google-fi\u00f3kj\u00e1val. Ez\u00e1ltal ugyanazok a szem\u00e9lyre szabott hirdet\u00e9si \u00fczenetek jelen\u00edthet\u0151k meg minden eszk\u00f6z\u00f6n, amelyre bejelentkezik a Google-fi\u00f3kj\u00e1val.<\/p>\n<p>E funkci\u00f3 t\u00e1mogat\u00e1s\u00e1hoz a Google Analytics a Google \u00e1ltal hiteles\u00edtett felhaszn\u00e1l\u00f3i azonos\u00edt\u00f3kat hoz l\u00e9tre, amelyeket ideiglenesen \u00f6sszekapcsol a Google Analytics-adatainkkal a t\u00f6bbeszk\u00f6z\u00f6s hirdet\u00e9si kamp\u00e1nyok c\u00e9lcsoportjainak defini\u00e1l\u00e1s\u00e1hoz \u00e9s l\u00e9trehoz\u00e1s\u00e1hoz.<\/p>\n<p>A t\u00f6bbeszk\u00f6z\u00f6s remarketing vagy c\u00e9lmeghat\u00e1roz\u00e1si (targeting) tev\u00e9kenys\u00e9g v\u00e9gleges megtagad\u00e1s\u00e1hoz deaktiv\u00e1lja a szem\u00e9lyre szabott hirdet\u00e9seket a Google-fi\u00f3kj\u00e1ban. Ehhez kattintson a k\u00f6vetkez\u0151 hivatkoz\u00e1sra: <a style=\"font-weight: 400;\" href=\"https:\/\/www.google.com\/settings\/ads\/onweb\/\" target=\"_blank\" rel=\"noopener\">https:\/\/www.google.com\/settings\/ads\/onweb\/<\/a>.<\/p>\n<p>A gy\u0171jt\u00f6tt adatok \u00f6sszefoglal\u00e1s\u00e1ra az \u00d6n Google-fi\u00f3kj\u00e1ban kiz\u00e1r\u00f3lag hozz\u00e1j\u00e1rul\u00e1sa eset\u00e9n ker\u00fcl sor, amelyet a Google-n\u00e1l megadhat vagy visszavonhat (GDPR 6. cikk 1. bekezd\u00e9s (a) pont). Azon adatgy\u0171jt\u00e9si folyamatok eset\u00e9ben, amelyek nem az \u00d6n Google-fi\u00f3kj\u00e1ban vannak \u00f6sszekapcsolva (pl. mivel nincs Google-fi\u00f3kja vagy mert megtiltotta az egyes\u00edt\u00e9st), az adatgy\u0171jt\u00e9s a GDPR 6. cikk 1. bekezd\u00e9s (f) pontja alapj\u00e1n t\u00f6rt\u00e9nik. A jogos \u00e9rdek abb\u00f3l ad\u00f3dik, hogy a webhely \u00fczemeltet\u0151j\u00e9nek rekl\u00e1mc\u00e9l\u00fa \u00e9rdeke \u00e1ll fenn a weboldal l\u00e1togat\u00f3inak anonimiz\u00e1lt elemz\u00e9s\u00e9re vonatkoz\u00f3an.<\/p>\n<p>Tov\u00e1bbi inform\u00e1ci\u00f3kat \u00e9s az adatv\u00e9delmi rendelkez\u00e9seket a Google adatv\u00e9delmi nyilatkozat\u00e1ban tal\u00e1lja: <a style=\"font-weight: 400;\" href=\"https:\/\/www.google.com\/policies\/technologies\/ads\/\" target=\"_blank\" rel=\"noopener\">https:\/\/www.google.com\/policies\/technologies\/ads\/<\/a>.<\/p>\n<p><strong>Google AdWords \u00e9s Google konverzi\u00f3k\u00f6vet\u00e9s<\/strong><\/p>\n<p>Ez a webhely a Google AdWords szolg\u00e1ltat\u00e1st haszn\u00e1lja. Az AdWords a Google Inc., 1600 Amphitheatre Parkway, Mountain View, CA 94043, United States (\u201eGoogle\u201d) online hirdet\u00e9skezel\u0151 programja.<\/p>\n<p>A Google AdWords keret\u00e9ben \u00fagynevezett konverzi\u00f3k\u00f6vet\u00e9st haszn\u00e1lunk. Ha a Google \u00e1ltal megjelen\u00edtett hirdet\u00e9sekre kattint, a konverzi\u00f3k\u00f6vet\u00e9shez egy cookie ker\u00fcl elhelyez\u00e9sre. A cookie-k kis sz\u00f6veges f\u00e1jlok, amelyeket az internetes b\u00f6ng\u00e9sz\u0151 helyez el a felhaszn\u00e1l\u00f3 sz\u00e1m\u00edt\u00f3g\u00e9p\u00e9n. Ezek a cookie-k 30 nap ut\u00e1n \u00e9rv\u00e9ny\u00fcket vesz\u00edtik, \u00e9s nem alkalmasak a felhaszn\u00e1l\u00f3k szem\u00e9lyes azonos\u00edt\u00e1s\u00e1ra. Ha a felhaszn\u00e1l\u00f3 megl\u00e1togatja a webhely egyes oldalait \u00e9s a cookie m\u00e9g \u00e9rv\u00e9nyes, akkor a Google \u00e9s mi is felismerhetj\u00fck, hogy a felhaszn\u00e1l\u00f3 a hirdet\u00e9sre kattintott, \u00e9s \u00e1tir\u00e1ny\u00edtott\u00e1k erre az oldalra.<\/p>\n<p>Minden Google AdWords-\u00fcgyf\u00e9l m\u00e1s cookie-t kap. A cookie-k nem k\u00f6vethet\u0151k nyomon az AdWords-\u00fcgyfelek weboldalain kereszt\u00fcl. A konverzi\u00f3s cookie-k seg\u00edts\u00e9g\u00e9vel birtokunkba ker\u00fcl\u0151 inform\u00e1ci\u00f3k seg\u00edts\u00e9g\u00e9vel konverzi\u00f3s statisztik\u00e1k k\u00e9sz\u00edthet\u0151k a konverzi\u00f3k\u00f6vet\u00e9s haszn\u00e1lat\u00e1t v\u00e1laszt\u00f3 AdWords-\u00fcgyfelek r\u00e9sz\u00e9re. Az \u00fcgyfelek megtudhatj\u00e1k, hogy \u00f6sszesen h\u00e1ny felhaszn\u00e1l\u00f3 kattintott a hirdet\u00e9s\u00fckre, \u00e9s h\u00e1nyat ir\u00e1ny\u00edtottak \u00e1t egy konverzi\u00f3k\u00f6vet\u00e9ses c\u00edmk\u00e9vel ell\u00e1tott oldalra. Nem kapnak azonban olyan inform\u00e1ci\u00f3t, amely r\u00e9v\u00e9n azonos\u00edthatn\u00e1k a felhaszn\u00e1l\u00f3k szem\u00e9ly\u00e9t. Ha nem szeretne r\u00e9szt venni a k\u00f6vet\u00e9sben, letilthatja annak haszn\u00e1lat\u00e1t \u00fagy, hogy internetes b\u00f6ng\u00e9sz\u0151j\u00e9ben a felhaszn\u00e1l\u00f3i be\u00e1ll\u00edt\u00e1sokban deaktiv\u00e1lja a Google konverzi\u00f3s cookie-j\u00e1t . Ekkor nem vessz\u00fck fel a konverzi\u00f3k\u00f6vet\u00e9si statisztik\u00e1kba.<\/p>\n<p>A \u201ekonverzi\u00f3s cookie-k\u201d t\u00e1rol\u00e1sa a GDPR 6. cikk. 1. bekezd\u00e9s\u00e9nek (f) pontja alapj\u00e1n t\u00f6rt\u00e9nik. A felhaszn\u00e1l\u00f3i viselked\u00e9s elemz\u00e9se a webhely \u00fczemeltet\u0151j\u00e9nek jogos \u00e9rdeke a webes k\u00edn\u00e1latuk \u00e9s rekl\u00e1mtev\u00e9kenys\u00e9g\u00fck optimaliz\u00e1l\u00e1sa \u00e9rdek\u00e9ben.<\/p>\n<p>A Google AdWords \u00e9s a Google konverzi\u00f3k\u00f6vet\u00e9s szolg\u00e1ltat\u00e1saival kapcsolatban a Google adatv\u00e9delmi rendelkez\u00e9seiben tal\u00e1lhat b\u0151vebb inform\u00e1ci\u00f3t: <a style=\"font-weight: 400;\" href=\"https:\/\/www.google.de\/policies\/privacy\/\" target=\"_blank\" rel=\"noopener\">https:\/\/www.google.de\/policies\/privacy\/<\/a>.<\/p>\n<p>A b\u00f6ng\u00e9sz\u0151j\u00e9t be\u00e1ll\u00edthatja \u00fagy, hogy t\u00e1j\u00e9koztat\u00e1st kapjon a cookie-k elhelyez\u00e9s\u00e9r\u0151l, tov\u00e1bb\u00e1 minden egyes esetben hozz\u00e1j\u00e1rulhat a cookie-k haszn\u00e1lat\u00e1hoz, \u00e1ltal\u00e1nosan letilthatja a cookie-k fogad\u00e1s\u00e1t bizonyos esetekre vagy aktiv\u00e1lhatja a cookie-k automatikus t\u00f6rl\u00e9s\u00e9t a b\u00f6ng\u00e9sz\u0151 bez\u00e1r\u00e1sakor. Ha nem enged\u00e9lyezi a cookie-k haszn\u00e1lat\u00e1t, akkor az korl\u00e1tozhatja weboldalunk haszn\u00e1lhat\u00f3s\u00e1g\u00e1t.<\/p>\n<p><strong>Facebook-k\u00e9ppont (Facebook pixel)<\/strong><\/p>\n<p>Webhely\u00fcnk konverzi\u00f3m\u00e9r\u00e9s c\u00e9lj\u00e1b\u00f3l a Facebook, Facebook Inc., 1601 S. California Ave, Palo Alto, CA 94304, USA (\u201cFacebook\u201d) \u00fagynevezett \u201el\u00e1togat\u00f3i m\u0171velet k\u00e9ppont\u201d technol\u00f3gi\u00e1j\u00e1t haszn\u00e1lja.<\/p>\n<p>Ezzel nyomon lehet k\u00f6vetni az oldal l\u00e1togat\u00f3inak viselked\u00e9s\u00e9t, ha a l\u00e1togat\u00f3k egy adott szolg\u00e1ltat\u00f3 webhely\u00e9nek el\u00e9r\u00e9se c\u00e9lj\u00e1b\u00f3l r\u00e1kattintanak egy Facebook-hirdet\u00e9sre. Mindez lehet\u0151v\u00e9 teszi a Facebook-hirdet\u00e9sek hat\u00e9konys\u00e1g\u00e1nak statisztikai \u00e9s piackutat\u00e1si c\u00e9l\u00fa elemz\u00e9s\u00e9t \u00e9s a j\u00f6v\u0151beni hirdet\u00e9si tev\u00e9kenys\u00e9g\u00fcnk optimaliz\u00e1l\u00e1s\u00e1t.<\/p>\n<p>A webhely \u00fczemeltet\u0151jek\u00e9nt a gy\u0171jt\u00f6tt adatok sz\u00e1munkra n\u00e9vtelenek maradnak, \u00e9s nem alkalmasak a felhaszn\u00e1l\u00f3k azonos\u00edt\u00e1s\u00e1ra. Az adatokat azonban a Facebook t\u00e1rolja \u00e9s feldolgozza, \u00edgy lehet\u0151s\u00e9g van az adott felhaszn\u00e1l\u00f3i profilhoz val\u00f3 kapcsol\u00f3d\u00e1sra, \u00e9s a Facebook saj\u00e1t hirdet\u00e9si c\u00e9ljaira haszn\u00e1lhatja az adatokat a Facebook adatkezel\u00e9si \u00fatmutat\u00f3ja szerint. Mindez lehet\u0151v\u00e9 teszi a Facebook sz\u00e1m\u00e1ra, hogy hirdet\u00e9seket jelen\u00edtsen meg a Facebookon \u00e9s harmadik felek weboldalain egyar\u00e1nt. A webhely \u00fczemeltet\u0151jek\u00e9nt nincs hat\u00e1sunk az adatok felhaszn\u00e1l\u00e1s\u00e1ra.<\/p>\n<p>A mag\u00e1n\u00e9let\u00e9nek v\u00e9delm\u00e9vel kapcsolatos tov\u00e1bbi tudnival\u00f3k\u00e9rt tekintse meg a Facebook adatv\u00e9delmi szab\u00e1lyzat\u00e1t: <a style=\"font-weight: 400;\" href=\"https:\/\/www.facebook.com\/about\/privacy\/\" target=\"_blank\" rel=\"noopener\">https:\/\/www.facebook.com\/about\/privacy\/<\/a>.<\/p>\n<p>Ezenk\u00edv\u00fcl a \u201eCustom Audiences\u201d remarketinges funkci\u00f3t a hirdet\u00e9si be\u00e1ll\u00edt\u00e1sokban kapcsolhatja ki a <a style=\"font-weight: 400;\" href=\"https:\/\/www.facebook.com\/ads\/preferences\/?entry_product=ad_settings_screen\/\" target=\"_blank\" rel=\"noopener\">https:\/\/www.facebook.com\/ads\/preferences\/?entry_product=ad_settings_screen<\/a> oldalon. Ehhez be kell jelentkeznie a Facebookra.<\/p>\n<p>Ha nincs Facebook-fi\u00f3kja, a Facebook felhaszn\u00e1l\u00e1salap\u00fa hirdet\u00e9seit a European Interactive Digital Advertising Alliance webhely\u00e9n deaktiv\u00e1lhatja: <a style=\"font-weight: 400;\" href=\"http:\/\/www.youronlinechoices.com\/de\/praferenzmanagement\/\" target=\"_blank\" rel=\"noopener\">http:\/\/www.youronlinechoices.com\/de\/praferenzmanagement\/<\/a>.<\/p>\n<p><strong style=\"font-size: 20px; color: #957840; letter-spacing: 2px; font-weight: bold;\">6. H\u00edrlev\u00e9l<\/strong><\/p>\n<p><strong>H\u00edrlev\u00e9ladatok<\/strong><\/p>\n<p>Amennyiben fel szeretne iratkozni a honlapunkon felaj\u00e1nlott h\u00edrlevelekre, sz\u00fcks\u00e9g\u00fcnk van az e-mail-c\u00edm\u00e9re, valamint azokra az inform\u00e1ci\u00f3kra, amelyek seg\u00edts\u00e9g\u00e9vel ellen\u0151rizni tudjuk, hogy val\u00f3ban \u00d6n a megadott e-mail-c\u00edm tulajdonosa, \u00e9s hozz\u00e1j\u00e1rul a h\u00edrlev\u00e9l k\u00fcld\u00e9s\u00e9hez. Tov\u00e1bbi adatokat nem vagy csak \u00f6nk\u00e9ntes alapon gy\u0171jt\u00fcnk. Ezeket az adatokat kiz\u00e1r\u00f3lag a k\u00e9rt inform\u00e1ci\u00f3k megk\u00fcld\u00e9s\u00e9hez haszn\u00e1ljuk fel, \u00e9s azokat nem adjuk \u00e1t harmadik f\u00e9lnek.<\/p>\n<p>A h\u00edrlev\u00e9l-feliratkoz\u00e1si \u0171rlapon megadott adatok kezel\u00e9se \u00edgy kiz\u00e1r\u00f3lag az \u00d6n hozz\u00e1j\u00e1rul\u00e1sa alapj\u00e1n t\u00f6rt\u00e9nik (GDPR 6. cikk 1. bekezd\u00e9s (a) pontja). Az adatok \u00e9s az e-mail-c\u00edmek t\u00e1rol\u00e1s\u00e1ra, illetve a h\u00edrlev\u00e9lk\u00fcld\u00e9shez sz\u00fcks\u00e9ges felhaszn\u00e1l\u00e1sukra adott hozz\u00e1j\u00e1rul\u00e1sa b\u00e1rmikor visszavonhat\u00f3, p\u00e9ld\u00e1ul a h\u00edrlev\u00e9lben tal\u00e1lhat\u00f3 \u201eLeiratkoz\u00e1s\u201d linkre kattintva. A m\u00e1r v\u00e9grehajtott adatkezel\u00e9si folyamatok jogszer\u0171s\u00e9g\u00e9t a visszavon\u00e1s nem \u00e9rinti.<\/p>\n<p>Az \u00d6n \u00e1ltal a h\u00edrlev\u00e9lk\u00fcld\u00e9s c\u00e9lj\u00e1b\u00f3l r\u00e9sz\u00fcnkre megadott adatokat a h\u00edrlev\u00e9lr\u0151l val\u00f3 leiratkoz\u00e1sig t\u00e1roljuk, \u00e9s a h\u00edrlev\u00e9l lemond\u00e1sa ut\u00e1n t\u00f6r\u00f6lj\u00fck. Az \u00e1ltalunk egy\u00e9b c\u00e9lb\u00f3l t\u00e1rolt adatokat (pl. tags\u00e1gi fel\u00fclethez sz\u00fcks\u00e9ges e-mail-c\u00edmek) ez nem \u00e9rinti.<\/p>\n<p><strong>CleverReach<\/strong><\/p>\n<p>Ez a webhely a CleverReach szolg\u00e1ltat\u00e1sait haszn\u00e1lja h\u00edrlev\u00e9lk\u00fcld\u00e9sre. Ezek szolg\u00e1ltat\u00f3ja a CleverReach GmbH &amp; Co. KG, M\u00fchlenstr. 43, 26180 Rastede. A CleverReach egy olyan szolg\u00e1ltat\u00e1s, amelynek seg\u00edts\u00e9g\u00e9vel megszervezhet\u0151 \u00e9s elemezhet\u0151 a h\u00edrlev\u00e9lk\u00fcld\u00e9s. A h\u00edrlev\u00e9l ig\u00e9nyl\u00e9se c\u00e9lj\u00e1b\u00f3l \u00d6n \u00e1ltal megadott adatok (pl. e-mail-c\u00edm) t\u00e1rol\u00e1sa a CleverReach n\u00e9metorsz\u00e1gi, ill. \u00edrorsz\u00e1gi szerverein t\u00f6rt\u00e9nik.<\/p>\n<p>A CleverReach seg\u00edts\u00e9g\u00e9vel k\u00fcld\u00f6tt h\u00edrleveleink seg\u00edts\u00e9g\u00e9vel elemezni tudjuk a h\u00edrlev\u00e9l c\u00edmzettjeinek viselked\u00e9s\u00e9t. Ennek sor\u00e1n t\u00f6bbek k\u00f6z\u00f6tt elemezni tudjuk, hogy h\u00e1ny c\u00edmzett nyitotta meg a h\u00edrlev\u00e9l\u00fczenetet, \u00e9s hogy milyen gyakran kattintottak a h\u00edrlev\u00e9lben tal\u00e1lhat\u00f3 hivatkoz\u00e1sra. Ezenk\u00edv\u00fcl az \u00fagynevezett konverzi\u00f3k\u00f6vet\u00e9sek seg\u00edts\u00e9g\u00e9vel elemezni lehet, hogy a h\u00edrlev\u00e9lben tal\u00e1lhat\u00f3 hivatkoz\u00e1sra val\u00f3 kattint\u00e1st k\u00f6vette-e egy el\u0151zetesen meghat\u00e1rozott tev\u00e9kenys\u00e9g (pl. term\u00e9kv\u00e1s\u00e1rl\u00e1s a weboldalunkon). A CleverReach h\u00edrlev\u00e9l \u00e1ltali adatelemz\u00e9ssel kapcsolatban itt tal\u00e1l b\u0151vebb inform\u00e1ci\u00f3t: <a style=\"font-weight: 400;\" href=\"https:\/\/www.cleverreach.com\/de\/funktionen\/reporting-und-tracking\/\" target=\"_blank\" rel=\"noopener\">https:\/\/www.cleverreach.com\/de\/funktionen\/reporting-und-tracking\/<\/a>.<\/p>\n<p>Az adatkezel\u00e9s az \u00d6n hozz\u00e1j\u00e1rul\u00e1sa alapj\u00e1n t\u00f6rt\u00e9nik (GDPR 6. cikk 1. bekezd\u00e9s (a) pontja). A hozz\u00e1j\u00e1rul\u00e1s\u00e1t b\u00e1rmikor visszavonhatja a h\u00edrlev\u00e9lr\u0151l val\u00f3 leiratkoz\u00e1s \u00e1ltal. A m\u00e1r v\u00e9grehajtott adatkezel\u00e9si folyamatok jogszer\u0171s\u00e9g\u00e9t a visszavon\u00e1s nem \u00e9rinti.<\/p>\n<p>Ha nem k\u00e9ri a CleverReach \u00e1ltali elemz\u00e9st, akkor le kell iratkoznia a h\u00edrlev\u00e9lr\u0151l. Ehhez minden h\u00edrlev\u00e9l\u00fczenetben egy megfelel\u0151 hivatkoz\u00e1st bocs\u00e1tunk rendelkez\u00e9sre. Ezenk\u00edv\u00fcl k\u00f6zvetlen\u00fcl a weboldalon is leiratkozhat a h\u00edrlev\u00e9lr\u0151l.<\/p>\n<p>A h\u00edrlev\u00e9l ig\u00e9nyl\u00e9se c\u00e9lj\u00e1b\u00f3l \u00d6n \u00e1ltal megadott adatokat a h\u00edrlev\u00e9lr\u0151l t\u00f6rt\u00e9n\u0151 leiratkoz\u00e1s\u00e1ig t\u00e1roljuk, \u00e9s a h\u00edrlev\u00e9l lemond\u00e1sa ut\u00e1n a saj\u00e1t szervereinkr\u0151l, illetve a CleverReach szervereir\u0151l is t\u00f6r\u00f6lj\u00fck. Az \u00e1ltalunk egy\u00e9b c\u00e9lb\u00f3l t\u00e1rolt adatokat (pl. tags\u00e1gi fel\u00fclethez sz\u00fcks\u00e9ges e-mail-c\u00edmek) ez nem \u00e9rinti.<\/p>\n<p>B\u0151vebb inform\u00e1ci\u00f3t a CleverReach adatv\u00e9delmi rendelkez\u00e9sei tartalmaznak: <a style=\"font-weight: 400;\" href=\"https:\/\/www.cleverreach.com\/de\/datenschutz\/\" target=\"_blank\" rel=\"noopener\">https:\/\/www.cleverreach.com\/de\/datenschutz\/<\/a>.<\/p>\n<p><strong>Megb\u00edz\u00e1sb\u00f3l t\u00f6rt\u00e9n\u0151 adatfeldolgoz\u00e1si szerz\u0151d\u00e9s megk\u00f6t\u00e9se<\/strong><\/p>\n<p>A megb\u00edz\u00e1ssal kapcsolatos adatok kezel\u00e9s\u00e9re vonatkoz\u00f3an szerz\u0151d\u00e9st k\u00f6t\u00f6tt\u00fcnk a CleverReach-csel, \u00e9s a CleverReach haszn\u00e1latakor teljes m\u00e9rt\u00e9kben eleget tesz\u00fcnk a n\u00e9met adatv\u00e9delmi hat\u00f3s\u00e1gok szigor\u00fa el\u0151\u00edr\u00e1sainak.<\/p>\n<p><strong style=\"font-size: 20px; color: #957840; letter-spacing: 2px; font-weight: bold;\">7. Be\u00e9p\u00fcl\u0151 modulok \u00e9s eszk\u00f6z\u00f6k<\/strong><\/p>\n<p><strong>YouTube<\/strong><\/p>\n<p>Weboldalunk a Google \u00e1ltal \u00fczemeltetett YouTube oldal be\u00e9p\u00fcl\u0151 moduljait haszn\u00e1lja. Az oldalak \u00fczemeltet\u0151je a YouTube, LLC, 901 Cherry Ave., San Bruno, CA 94066, USA.<\/p>\n<p>Ha felkeresi az egyik, YouTube be\u00e9p\u00fcl\u0151 modullal ell\u00e1tott oldalunkat, akkor kapcsolat j\u00f6n l\u00e9tre a YouTube szervereivel. Ez\u00e1ltal a YouTube-szerver inform\u00e1ci\u00f3t kap arr\u00f3l, hogy \u00d6n melyik oldalunkat kereste fel.<\/p>\n<p>Ha bejelentkezett a Youtube-fi\u00f3kj\u00e1ba, akkor a YouTube a b\u00f6ng\u00e9sz\u00e9si viselked\u00e9s\u00e9t k\u00f6zvetlen\u00fcl hozz\u00e1 tudja rendelni a szem\u00e9lyes profilj\u00e1hoz. Ezt megakad\u00e1lyozhatja \u00fagy, hogy kijelentkezik a YouTube-fi\u00f3kj\u00e1b\u00f3l.<\/p>\n<p>A YouTube haszn\u00e1lata online k\u00edn\u00e1latunk vonz\u00f3 megjelen\u00edt\u00e9se \u00e9rdek\u00e9ben t\u00f6rt\u00e9nik. Ez jogos \u00e9rdeknek min\u0151s\u00fcl a GDPR 6. cikk. 1. bekezd\u00e9s\u00e9nek (f) pontja alapj\u00e1n.<\/p>\n<p>A felhaszn\u00e1l\u00f3i adatok kezel\u00e9s\u00e9vel kapcsolatban a YouTube adatv\u00e9delmi nyilatkozat\u00e1ban tal\u00e1l b\u0151vebb inform\u00e1ci\u00f3t: <a style=\"font-weight: 400;\" href=\"https:\/\/www.google.de\/intl\/de\/policies\/privacy\/\" target=\"_blank\" rel=\"noopener\">https:\/\/www.google.de\/intl\/de\/policies\/privacy<\/a>.<\/p>\n<p><strong>Google Web Fonts<\/strong><\/p>\n<p>Ez az oldal a bet\u0171t\u00edpusok egys\u00e9ges megjelen\u00edt\u00e9s\u00e9hez a Google \u00e1ltal rendelkez\u00e9sre bocs\u00e1tott \u00fagynevezett webes bet\u0171t\u00edpusokat haszn\u00e1l. Egy oldal megtekint\u00e9sekor a sz\u00f6vegek \u00e9s a bet\u0171t\u00edpusok megfelel\u0151 megjelen\u00edt\u00e9s\u00e9hez az \u00d6n b\u00f6ng\u00e9sz\u0151je a b\u00f6ng\u00e9sz\u0151 gyors\u00edt\u00f3t\u00e1r\u00e1ba t\u00f6lti a sz\u00fcks\u00e9ges webes bet\u0171t\u00edpusokat.<\/p>\n<p>Ehhez az \u00d6n \u00e1ltal haszn\u00e1lt b\u00f6ng\u00e9sz\u0151nek kapcsol\u00f3dnia kell a Google szervereihez. Ekkor a Google tudom\u00e1st szerez arr\u00f3l, hogy az \u00d6n IP-c\u00edm\u00e9n kereszt\u00fcl megtekintett\u00e9k a webhely\u00fcnket. A Google Web Fonts haszn\u00e1lata online k\u00edn\u00e1latunk egys\u00e9ges \u00e9s vonz\u00f3 megjelen\u00edt\u00e9s\u00e9nek \u00e9rdek\u00e9ben t\u00f6rt\u00e9nik. Ez jogos \u00e9rdeknek min\u0151s\u00fcl a GDPR 6. cikk. 1. bekezd\u00e9s\u00e9nek (f) pontja alapj\u00e1n.<\/p>\n<p>Ha a b\u00f6ng\u00e9sz\u0151je nem t\u00e1mogatja a Web Fonts szolg\u00e1ltat\u00e1st, a sz\u00e1m\u00edt\u00f3g\u00e9p egy szabv\u00e1nyos bet\u0171t\u00edpust haszn\u00e1l.<\/p>\n<p>B\u0151vebb inform\u00e1ci\u00f3 a Google Web Fonts szolg\u00e1ltat\u00e1ssal kapcsolatban a <a style=\"font-weight: 400;\" href=\"https:\/\/developers.google.com\/fonts\/faq\/\" target=\"_blank\" rel=\"noopener\">https:\/\/developers.google.com\/fonts\/faq<\/a> c\u00edmen \u00e9s a Google adatv\u00e9delmi nyilatkozat\u00e1ban tal\u00e1lhat\u00f3: <a style=\"font-weight: 400;\" href=\"https:\/\/www.google.com\/policies\/privacy\/\" target=\"_blank\" rel=\"noopener\">https:\/\/www.google.com\/policies\/privacy\/<\/a>.<\/p>\n<p><strong>Google T\u00e9rk\u00e9p<\/strong><\/p>\n<p>Ez az oldal egy API-n kereszt\u00fcl haszn\u00e1lja a Google T\u00e9rk\u00e9p t\u00e9rk\u00e9pszolg\u00e1ltat\u00e1st. Ennek szolg\u00e1ltat\u00f3ja a Google Inc., 1600 Amphitheatre Parkway, Mountain View, CA 94043, USA.<\/p>\n<p>A Google T\u00e9rk\u00e9p funkci\u00f3inak haszn\u00e1lat\u00e1hoz el kell t\u00e1rolni az \u00d6n IP-c\u00edm\u00e9t. Ezt az inform\u00e1ci\u00f3t \u00e1ltal\u00e1ban az USA-ban tal\u00e1lhat\u00f3 egyik Google-szerverre tov\u00e1bb\u00edtj\u00e1k, \u00e9s ott t\u00e1rolj\u00e1k. Jelen oldal szolg\u00e1ltat\u00f3j\u00e1nak nincs hat\u00e1sa erre az adat\u00e1tvitelre.<\/p>\n<p>A Google T\u00e9rk\u00e9p haszn\u00e1lata online k\u00edn\u00e1latunk vonz\u00f3 megjelen\u00edt\u00e9se \u00e9s az \u00e1ltalunk a honlapon megadott helyek k\u00f6nnyebb megtal\u00e1l\u00e1sa \u00e9rdek\u00e9ben t\u00f6rt\u00e9nik. Ez jogos \u00e9rdeknek min\u0151s\u00fcl a GDPR 6. cikk. 1. bekezd\u00e9s\u00e9nek (f) pontja alapj\u00e1n.<\/p>\n<p>A felhaszn\u00e1l\u00f3i adatok kezel\u00e9s\u00e9vel kapcsolatban b\u0151vebb inform\u00e1ci\u00f3t a Google adatv\u00e9delmi nyilatkozata tartalmaz: <a style=\"font-weight: 400;\" href=\"https:\/\/www.google.de\/intl\/de\/policies\/privacy\/\" target=\"_blank\" rel=\"noopener\">https:\/\/www.google.de\/intl\/de\/policies\/privacy\/<\/a>.<\/p>\n<p><strong>Felhaszn\u00e1l\u00f3i megkeres\u00e9sek<\/strong><\/p>\n<p>Az \u00fczemeltet\u0151vel val\u00f3 kapcsolatfelv\u00e9tel sor\u00e1n (p\u00e9ld\u00e1ul kapcsolatfelv\u00e9teli \u0171rlapon, e-mailben vagy \u00e9l\u0151 cseveg\u00e9sen kereszt\u00fcl) a felhaszn\u00e1l\u00f3 al\u00e1bbi adatait t\u00e1rolhatjuk a megkeres\u00e9s feldolgoz\u00e1sa c\u00e9lj\u00e1b\u00f3l, valamint abban az esetben, ha tov\u00e1bbi k\u00e9rd\u00e9sek mer\u00fclnek fel: Megsz\u00f3l\u00edt\u00e1s, kereszt- \u00e9s vezet\u00e9kn\u00e9v, postac\u00edm, e-mail c\u00edm, telefonsz\u00e1m \u00e9s a megkeres\u00e9ssel kapcsolatos adatok (pl. tart\u00f3zkod\u00e1si id\u0151szak, szem\u00e9lyek sz\u00e1ma).<\/p>\n<p>Az \u00edgy gy\u0171jt\u00f6tt szem\u00e9lyes adatokat az \u00fczemeltet\u0151 a megkeres\u00e9s feldolgoz\u00e1s\u00e1nak befejez\u00e9s\u00e9t k\u00f6vet\u0151 h\u00e1rom \u00e9ven bel\u00fcl t\u00f6rli. A felhaszn\u00e1l\u00f3 \u00e1ltal megadott szem\u00e9lyes adatokat az \u00fczemeltet\u0151 csak annyiban dolgozza fel \u00e9s haszn\u00e1lja fel, amennyiben az a megkeres\u00e9s feldolgoz\u00e1s\u00e1hoz \u00e9s\/vagy a k\u00e9rt szolg\u00e1ltat\u00e1s ny\u00fajt\u00e1s\u00e1hoz sz\u00fcks\u00e9ges.<\/p>\n<p>Ezen adatfeldolgoz\u00e1s sor\u00e1n az \u00fczemeltet\u0151 az \u00f6sszegy\u0171jt\u00f6tt szem\u00e9lyes adatokat a k\u00f6vetkez\u0151 adatfeldolgoz\u00f3knak tov\u00e1bb\u00edthatja:<\/p>\n<p>LiveAgent<br \/>\nQuality Unit, LLC3616 Kirkwood Highway<br \/>\nSuite A #1130<br \/>\nWilmingtonDE<br \/>\n19808<\/p>\n<p><strong>Live-Chat-Tool<\/strong><br \/>\n<a style=\"font-weight: 400;\" href=\"http:\/\/www.ladesk.com\/\" target=\"_blank\" rel=\"noopener\">www.ladesk.com<\/a><\/p>\n<\/div><\/div><\/div><\/div><\/div>\n","protected":false},"excerpt":{"rendered":"","protected":false},"author":2,"featured_media":0,"parent":0,"menu_order":0,"comment_status":"closed","ping_status":"open","template":"100-width.php","meta":{"inline_featured_image":false,"footnotes":""},"class_list":["post-358","page","type-page","status-publish","hentry"],"_links":{"self":[{"href":"https:\/\/career.galtenberg.at\/hu\/wp-json\/wp\/v2\/pages\/358","targetHints":{"allow":["GET"]}}],"collection":[{"href":"https:\/\/career.galtenberg.at\/hu\/wp-json\/wp\/v2\/pages"}],"about":[{"href":"https:\/\/career.galtenberg.at\/hu\/wp-json\/wp\/v2\/types\/page"}],"author":[{"embeddable":true,"href":"https:\/\/career.galtenberg.at\/hu\/wp-json\/wp\/v2\/users\/2"}],"replies":[{"embeddable":true,"href":"https:\/\/career.galtenberg.at\/hu\/wp-json\/wp\/v2\/comments?post=358"}],"version-history":[{"count":6,"href":"https:\/\/career.galtenberg.at\/hu\/wp-json\/wp\/v2\/pages\/358\/revisions"}],"predecessor-version":[{"id":365,"href":"https:\/\/career.galtenberg.at\/hu\/wp-json\/wp\/v2\/pages\/358\/revisions\/365"}],"wp:attachment":[{"href":"https:\/\/career.galtenberg.at\/hu\/wp-json\/wp\/v2\/media?parent=358"}],"curies":[{"name":"wp","href":"https:\/\/api.w.org\/{rel}","templated":true}]}}